{"id":2,"date":"2024-07-15T14:08:53","date_gmt":"2024-07-15T14:08:53","guid":{"rendered":"https:\/\/etivakif.org.tr\/?page_id=2"},"modified":"2025-02-10T12:23:26","modified_gmt":"2025-02-10T12:23:26","slug":"tarihce","status":"publish","type":"page","link":"https:\/\/etivakif.org.tr\/index.php\/tarihce\/","title":{"rendered":"Tarih\u00e7e"},"content":{"rendered":"\r\n<div class=\"wp-block-group alignwide has-light-gray-background-color\" style=\"padding-top: 40px; padding-bottom: 40px;\"><div class=\"wp-block-group__inner-container is-layout-constrained wp-block-group-is-layout-constrained\">\r\n<h1 class=\"has-text-align-center wp-block-heading\">ET\u0130 VAKIF<\/h1>\r\n\r\n\r\n\r\n<p class=\"has-text-align-center\"><strong>Sosyal yard\u0131mla\u015fma ve dayan\u0131\u015fma amac\u0131yla 1973&#8217;ten beri<\/strong><\/p>\r\n\r\n\r\n<hr class=\"wp-block-separator has-css-opacity\" style=\"margin-top: 20px; margin-bottom: 20px;\" \/>\r\n\r\n\r\n<p>ET\u0130 VAKIF, Etibank \u00e7al\u0131\u015fanlar\u0131ndan Ali Do\u011fan \u00dcNL\u00dc, Fevzi \u00c7\u0130L\u0130NG\u0130R, Yusuf Nami AK\u00c7AKAYALIO\u011eLU ve Mehmet Hikmet E\u015eS\u0130Z taraf\u0131ndan <strong>1973 y\u0131l\u0131nda<\/strong> sosyal yard\u0131mla\u015fma ve dayan\u0131\u015fmay\u0131 ger\u00e7ekle\u015ftirmek amac\u0131yla kurulmu\u015ftur.<\/p>\r\n\r\n\r\n\r\n<p>Vak\u0131f, kurulu\u015fundan bu yana bir\u00e7ok kez isim de\u011fi\u015fikli\u011fi ya\u015fam\u0131\u015f olup, son olarak <strong>EtiVak\u0131f<\/strong> ad\u0131n\u0131 alm\u0131\u015ft\u0131r.<\/p>\r\n\r\n\r\n<hr class=\"wp-block-separator\" \/>\r\n\r\n\r\n<h2 class=\"wp-block-heading\">Vakf\u0131n Ama\u00e7lar\u0131<\/h2>\r\n\r\n\r\n\r\n<ul>\r\n<li>\u00dcyeler ve aile bireylerinin sa\u011fl\u0131k hizmetlerinden yararlanmas\u0131n\u0131 sa\u011flamak.<\/li>\r\n<li>\u00dcyelere uygun \u015fartlarda ikraz (kredi) deste\u011fi sunmak.<\/li>\r\n<li>Dinlenme ve turistik tesisler kurmak, i\u015fletmek ve kiralamak.<\/li>\r\n<li>Sportif ve k\u00fclt\u00fcrel faaliyetleri desteklemek.<\/li>\r\n<li>Afet ve felaket durumlar\u0131nda yard\u0131m sa\u011flamak.<\/li>\r\n<li>\u00dcyelerin dayan\u0131kl\u0131 ve dayan\u0131ks\u0131z t\u00fcketim malzemelerine uygun fiyatlarla ula\u015fmas\u0131n\u0131 sa\u011flamak.<\/li>\r\n<li>Gayrimenkul ve menkul yat\u0131r\u0131mlar\u0131 yapmak.<\/li>\r\n<li>Sigorta, bayilik, ithalat, ihracat gibi ticari faaliyetlerde bulunmak.<\/li>\r\n<li>S\u00fcreli ve s\u00fcresiz yay\u0131nlar \u00e7\u0131karmak.<\/li>\r\n<\/ul>\r\n\r\n\r\n<hr class=\"wp-block-separator\" \/>\r\n\r\n\r\n<blockquote class=\"wp-block-quote is-layout-flow wp-block-quote-is-layout-flow\">\r\n<p><strong>&#8220;Toplumsal dayan\u0131\u015fmay\u0131 g\u00fc\u00e7lendirmek ve \u00fcyelerimize g\u00fcvence sa\u011flamak i\u00e7in \u00e7al\u0131\u015f\u0131yoruz.&#8221;<\/strong><\/p>\r\n<\/blockquote>\r\n\r\n\r\n\r\n<div class=\"wp-block-buttons is-content-justification-center is-layout-flex wp-container-core-buttons-is-layout-1 wp-block-buttons-is-layout-flex\">\r\n<div class=\"wp-block-button\"><a class=\"wp-block-button__link has-white-color has-primary-background-color has-text-color has-background\" href=\"https:\/\/etivakif.org.tr\">Daha Fazla Bilgi<\/a><\/div>\r\n<\/div>\r\n<\/div><\/div>\r\n\r\n<p>&nbsp;<\/p>","protected":false},"excerpt":{"rendered":"<p>ET\u0130 VAKIF Sosyal yard\u0131mla\u015fma ve dayan\u0131\u015fma amac\u0131yla 1973&#8217;ten beri ET\u0130 VAKIF, Etibank \u00e7al\u0131\u015fanlar\u0131ndan Ali Do\u011fan \u00dcNL\u00dc, Fevzi \u00c7\u0130L\u0130NG\u0130R, Yusuf Nami AK\u00c7AKAYALIO\u011eLU ve Mehmet Hikmet E\u015eS\u0130Z taraf\u0131ndan 1973 y\u0131l\u0131nda sosyal yard\u0131mla\u015fma ve dayan\u0131\u015fmay\u0131 ger\u00e7ekle\u015ftirmek amac\u0131yla kurulmu\u015ftur. Vak\u0131f, kurulu\u015fundan bu yana bir\u00e7ok kez isim de\u011fi\u015fikli\u011fi ya\u015fam\u0131\u015f olup, son olarak EtiVak\u0131f ad\u0131n\u0131 alm\u0131\u015ft\u0131r. Vakf\u0131n Ama\u00e7lar\u0131 \u00dcyeler ve aile [&hellip;]<\/p>\n","protected":false},"author":1,"featured_media":0,"parent":0,"menu_order":0,"comment_status":"closed","ping_status":"open","template":"","meta":{"footnotes":""},"_links":{"self":[{"href":"https:\/\/etivakif.org.tr\/index.php\/wp-json\/wp\/v2\/pages\/2"}],"collection":[{"href":"https:\/\/etivakif.org.tr\/index.php\/wp-json\/wp\/v2\/pages"}],"about":[{"href":"https:\/\/etivakif.org.tr\/index.php\/wp-json\/wp\/v2\/types\/page"}],"author":[{"embeddable":true,"href":"https:\/\/etivakif.org.tr\/index.php\/wp-json\/wp\/v2\/users\/1"}],"replies":[{"embeddable":true,"href":"https:\/\/etivakif.org.tr\/index.php\/wp-json\/wp\/v2\/comments?post=2"}],"version-history":[{"count":2,"href":"https:\/\/etivakif.org.tr\/index.php\/wp-json\/wp\/v2\/pages\/2\/revisions"}],"predecessor-version":[{"id":54,"href":"https:\/\/etivakif.org.tr\/index.php\/wp-json\/wp\/v2\/pages\/2\/revisions\/54"}],"wp:attachment":[{"href":"https:\/\/etivakif.org.tr\/index.php\/wp-json\/wp\/v2\/media?parent=2"}],"curies":[{"name":"wp","href":"https:\/\/api.w.org\/{rel}","templated":true}]}}